{"id":2,"date":"2016-05-03T22:25:49","date_gmt":"2016-05-03T20:25:49","guid":{"rendered":"http:\/\/inteacosmetics.com\/es\/?page_id=2"},"modified":"2018-06-20T09:20:42","modified_gmt":"2018-06-20T07:20:42","slug":"empresa","status":"publish","type":"page","link":"https:\/\/www.inteacosmetics.com\/es\/empresa\/","title":{"rendered":"Empresa"},"content":{"rendered":"<div id=\"mjs-object_849\" class=\"mjs-object mjs-object-image\">\n<div class=\"mjs-image-wrap\" style=\"text-align: justify; padding-left: 30px;\"><img loading=\"lazy\" decoding=\"async\" class=\"alignleft wp-image-584 size-full\" src=\"http:\/\/inteacosmetics.com\/es\/wp-content\/uploads\/2016\/05\/somos-intea.jpg\" alt=\"somos-intea\" width=\"348\" height=\"810\" srcset=\"https:\/\/www.inteacosmetics.com\/es\/wp-content\/uploads\/2016\/05\/somos-intea.jpg 348w, https:\/\/www.inteacosmetics.com\/es\/wp-content\/uploads\/2016\/05\/somos-intea-129x300.jpg 129w, https:\/\/www.inteacosmetics.com\/es\/wp-content\/uploads\/2016\/05\/somos-intea-64x150.jpg 64w\" sizes=\"auto, (max-width: 348px) 100vw, 348px\" \/><\/div>\n<\/div>\n<div class=\"mjs-object mjs-object-image\">\n<p>Nuestra empresa fue fundada en 1915 por Pelayo Beltr\u00e1n Gonz\u00e1lez profesional de peluquer\u00eda , como compa\u00f1\u00eda individual con el nombre de INTEA P. Beltr\u00e1n. En 1979, su hijo y sucesor, el farmac\u00e9utico Jos\u00e9 Ignacio Beltr\u00e1n Villar, fund\u00f3 la raz\u00f3n social Duarte y Beltr\u00e1n S. A., empresa propietaria de las marcas y patentes INTEA\u00ae.<\/p>\n<p>Un siglo despu\u00e9s de su creaci\u00f3n, INTEA\u00ae sigue siendo una empresa familiar dirigida actualmente por la tercera generaci\u00f3n de la familia Beltr\u00e1n, de la que tres de sus miembros son farmac\u00e9uticos. La filosof\u00eda fundacional de la empresa es la creaci\u00f3n y desarrollo de productos cosm\u00e9ticos elaborados con componentes naturales de calidad.<\/p>\n<p>En los cosm\u00e9ticos INTEA\u00ae usted encontrar\u00e1 f\u00f3rmulas originales con personalidad propia desarrolladas por farmac\u00e9uticos y elaboradas con m\u00e9todos propios para conservar intactas las propiedades cosm\u00e9ticas de sus componentes naturales. Las recetas originales se transmiten de padres a hijos, se mejoran adapt\u00e1ndose al progreso t\u00e9cnico y se elaboran bajo estricto control de calidad. Nuevos productos INTEA\u00ae con ingredientes naturales son introducidos en el mercado cada a\u00f1o despu\u00e9s de un laborioso proceso de investigaci\u00f3n y puesta a punto.<\/p>\n<p>La fidelidad de nuestros clientes en m\u00e1s de 15 pa\u00edses es la base de la larga trayectoria de INTEA\u00ae y su futuro. Somos pioneros en la comunicaci\u00f3n y publicidad. La comunicaci\u00f3n con nuestros consumidores es muy importante, pues nos ofrece la oportunidad de dar a conocer mejor nuestros productos, enriquece nuestros conocimientos y nos ayuda a mejorar.<\/p>\n<p>Colaboramos desde hace mucho tiempo con <a href=\"https:\/\/www.ampros.org\/\">AMPROS<\/a>,\u00a0es una asociaci\u00f3n cuya misi\u00f3n es contribuir a mejorar la calidad de vida de cada persona con discapacidad intelectual o del desarrollo y su familia, as\u00ed como difundir, defender, reivindicar y promover derechos y apoyos, creando oportunidades que les permitan alcanzar sus proyectos de vida y su plena ciudadan\u00eda, bas\u00e1ndonos en principios de eficiencia en la gesti\u00f3n, innovaci\u00f3n y compromiso \u00e9tico.<\/p>\n<p>Solicite informaci\u00f3n para cualquier duda que pueda tener o h\u00e1ganos llegar sus sugerencias. Ser\u00e1n siempre bienvenidas.<\/p>\n<p><strong>J. Ignacio Beltr\u00e1n.<\/strong><\/p>\n<\/div>\n","protected":false},"excerpt":{"rendered":"<p>Nuestra empresa fue fundada en 1915 por Pelayo Beltr\u00e1n Gonz\u00e1lez profesional de peluquer\u00eda , como compa\u00f1\u00eda individual con el nombre de INTEA P. Beltr\u00e1n. En 1979, su hijo y sucesor, el farmac\u00e9utico Jos\u00e9 Ignacio Beltr\u00e1n Villar, fund\u00f3 la raz\u00f3n social Duarte y Beltr\u00e1n S. A., empresa propietaria de las marcas y patentes INTEA\u00ae. Un siglo&#8230;<\/p>\n","protected":false},"author":2,"featured_media":0,"parent":0,"menu_order":0,"comment_status":"closed","ping_status":"closed","template":"","meta":{"_monsterinsights_skip_tracking":false,"_monsterinsights_sitenote_active":false,"_monsterinsights_sitenote_note":"","_monsterinsights_sitenote_category":0,"_uf_show_specific_survey":0,"_uf_disable_surveys":false,"footnotes":""},"class_list":["post-2","page","type-page","status-publish","hentry"],"aioseo_notices":[],"_links":{"self":[{"href":"https:\/\/www.inteacosmetics.com\/es\/wp-json\/wp\/v2\/pages\/2","targetHints":{"allow":["GET"]}}],"collection":[{"href":"https:\/\/www.inteacosmetics.com\/es\/wp-json\/wp\/v2\/pages"}],"about":[{"href":"https:\/\/www.inteacosmetics.com\/es\/wp-json\/wp\/v2\/types\/page"}],"author":[{"embeddable":true,"href":"https:\/\/www.inteacosmetics.com\/es\/wp-json\/wp\/v2\/users\/2"}],"replies":[{"embeddable":true,"href":"https:\/\/www.inteacosmetics.com\/es\/wp-json\/wp\/v2\/comments?post=2"}],"version-history":[{"count":36,"href":"https:\/\/www.inteacosmetics.com\/es\/wp-json\/wp\/v2\/pages\/2\/revisions"}],"predecessor-version":[{"id":1192,"href":"https:\/\/www.inteacosmetics.com\/es\/wp-json\/wp\/v2\/pages\/2\/revisions\/1192"}],"wp:attachment":[{"href":"https:\/\/www.inteacosmetics.com\/es\/wp-json\/wp\/v2\/media?parent=2"}],"curies":[{"name":"wp","href":"https:\/\/api.w.org\/{rel}","templated":true}]}}